{"id":1714,"date":"2024-10-17T10:40:47","date_gmt":"2024-10-17T08:40:47","guid":{"rendered":"https:\/\/jugend-dirigiert.de\/?page_id=1714"},"modified":"2025-03-31T09:00:51","modified_gmt":"2025-03-31T07:00:51","slug":"team","status":"publish","type":"page","link":"https:\/\/jugend-dirigiert.de\/en\/team\/","title":{"rendered":"Team"},"content":{"rendered":"\t\t<div data-elementor-type=\"wp-page\" data-elementor-id=\"1714\" class=\"elementor elementor-1714 elementor-276\" data-elementor-post-type=\"page\">\n\t\t\t\t<div class=\"elementor-element elementor-element-e92d6d5 e-flex e-con-boxed e-con e-parent\" data-id=\"e92d6d5\" data-element_type=\"container\" data-settings=\"{&quot;background_background&quot;:&quot;classic&quot;}\">\n\t\t\t\t\t<div class=\"e-con-inner\">\n\t\t\t\t<div class=\"elementor-element elementor-element-b1e6ba8 elementor-widget elementor-widget-heading\" data-id=\"b1e6ba8\" data-element_type=\"widget\" data-widget_type=\"heading.default\">\n\t\t\t\t<div class=\"elementor-widget-container\">\n\t\t\t\t\t<h1 class=\"elementor-heading-title elementor-size-default\">OUR TEAM<\/h1>\t\t\t\t<\/div>\n\t\t\t\t<\/div>\n\t\t\t\t\t<\/div>\n\t\t\t\t<\/div>\n\t\t<div class=\"elementor-element elementor-element-c85a5b1 e-flex e-con-boxed e-con e-parent\" data-id=\"c85a5b1\" data-element_type=\"container\">\n\t\t\t\t\t<div class=\"e-con-inner\">\n\t\t<div class=\"elementor-element elementor-element-d831463 e-con-full e-flex e-con e-child\" data-id=\"d831463\" data-element_type=\"container\" data-settings=\"{&quot;background_background&quot;:&quot;classic&quot;}\">\n\t\t<div class=\"elementor-element elementor-element-26a2546 e-con-full e-flex e-con e-child\" data-id=\"26a2546\" data-element_type=\"container\" data-settings=\"{&quot;background_background&quot;:&quot;classic&quot;}\">\n\t\t\t\t<div class=\"elementor-element elementor-element-c98418d elementor-widget elementor-widget-spacer\" data-id=\"c98418d\" data-element_type=\"widget\" data-widget_type=\"spacer.default\">\n\t\t\t\t<div class=\"elementor-widget-container\">\n\t\t\t\t\t\t\t<div class=\"elementor-spacer\">\n\t\t\t<div class=\"elementor-spacer-inner\"><\/div>\n\t\t<\/div>\n\t\t\t\t\t\t<\/div>\n\t\t\t\t<\/div>\n\t\t\t\t<\/div>\n\t\t<div class=\"elementor-element elementor-element-1321a5d e-con-full e-flex e-con e-child\" data-id=\"1321a5d\" data-element_type=\"container\">\n\t\t\t\t<div class=\"elementor-element elementor-element-6c9a8ab elementor-widget elementor-widget-text-editor\" data-id=\"6c9a8ab\" data-element_type=\"widget\" data-widget_type=\"text-editor.default\">\n\t\t\t\t<div class=\"elementor-widget-container\">\n\t\t\t\t\t\t\t\t\t<p>EDUCATIONAL DIRECTOR (VOLUNTEER)<\/p>\t\t\t\t\t\t\t\t<\/div>\n\t\t\t\t<\/div>\n\t\t\t\t<div class=\"elementor-element elementor-element-fa01c30 elementor-widget elementor-widget-heading\" data-id=\"fa01c30\" data-element_type=\"widget\" data-widget_type=\"heading.default\">\n\t\t\t\t<div class=\"elementor-widget-container\">\n\t\t\t\t\t<h3 class=\"elementor-heading-title elementor-size-default\">Dr. Alexander Saier<\/h3>\t\t\t\t<\/div>\n\t\t\t\t<\/div>\n\t\t\t\t<div class=\"elementor-element elementor-element-b97b7a5 elementor-widget elementor-widget-text-editor\" data-id=\"b97b7a5\" data-element_type=\"widget\" data-widget_type=\"text-editor.default\">\n\t\t\t\t<div class=\"elementor-widget-container\">\n\t\t\t\t\t\t\t\t\t<p>Dr. Alexander Saier was born in Freiburg im Breisgau. As the son of a school principal and a primary school teacher, Saier has been familiar with pedagogy from an early age. Perhaps for this very reason, he became intrigued by how leaders, particularly teachers, succeed in getting people to do what is required of them.<br \/><br \/>He learned that this has much to do with body language and posture during his time as a percussionist, playing with the city music association, the state youth orchestra, and eventually at the music conservatory. Saier studied percussion (specializing in timpani) with Lukas Lindenmeyer in Basel.<\/p><p>In 1998, he left his instrumental studies to pursue music education and musicology. Under the guidance of his mentor, Prof. Gernot Schulz (solo percussionist of the Berlin Philharmonic), Alexander Saier shifted his focus to music education, studying musicology in Berlin, Vienna, and Halle (Saale). In 2002 he was honoured with a scholarship from the Carl Orff &#8211; Foundation.<br \/>In 2009 Saier began teaching in schools, eventually transitioning entirely to school service.<\/p><p>That same year, he completed his dissertation with distinction under Wolfgang Auhagen and Sebastian Klotz in Halle (Saale). He then began establishing a music department for the W\u00fcrth Foundation at the Freie Schule Anne-Sophie in Berlin, where he developed the \u201cJugend dirigiert\u201d project. Since then, Saier has dedicated himself to working with and for children. In 2021, he was honored with the newly established Humanismus Stiftung\u2019s \u201cYouth Shapes the Future\u201d award.<\/p>\t\t\t\t\t\t\t\t<\/div>\n\t\t\t\t<\/div>\n\t\t\t\t<div class=\"elementor-element elementor-element-2564aa4 elementor-icon-list--layout-traditional elementor-list-item-link-full_width elementor-widget elementor-widget-icon-list\" data-id=\"2564aa4\" data-element_type=\"widget\" data-widget_type=\"icon-list.default\">\n\t\t\t\t<div class=\"elementor-widget-container\">\n\t\t\t\t\t\t\t<ul class=\"elementor-icon-list-items\">\n\t\t\t\t\t\t\t<li class=\"elementor-icon-list-item\">\n\t\t\t\t\t\t\t\t\t\t\t<a href=\"mailto:info@jugend-dirigiert.de\">\n\n\t\t\t\t\t\t\t\t\t\t\t\t<span class=\"elementor-icon-list-icon\">\n\t\t\t\t\t\t\t<i aria-hidden=\"true\" class=\"icon icon-envelope11\"><\/i>\t\t\t\t\t\t<\/span>\n\t\t\t\t\t\t\t\t\t\t<span class=\"elementor-icon-list-text\">info@jugend-dirigiert.de<\/span>\n\t\t\t\t\t\t\t\t\t\t\t<\/a>\n\t\t\t\t\t\t\t\t\t<\/li>\n\t\t\t\t\t\t<\/ul>\n\t\t\t\t\t\t<\/div>\n\t\t\t\t<\/div>\n\t\t\t\t<\/div>\n\t\t\t\t<\/div>\n\t\t\t\t\t<\/div>\n\t\t\t\t<\/div>\n\t\t<div class=\"elementor-element elementor-element-e522e3f e-flex e-con-boxed e-con e-parent\" data-id=\"e522e3f\" data-element_type=\"container\">\n\t\t\t\t\t<div class=\"e-con-inner\">\n\t\t<div class=\"elementor-element elementor-element-d53d21f e-con-full e-flex e-con e-child\" data-id=\"d53d21f\" data-element_type=\"container\" data-settings=\"{&quot;background_background&quot;:&quot;classic&quot;}\">\n\t\t<div class=\"elementor-element elementor-element-b070310 e-con-full e-flex e-con e-child\" data-id=\"b070310\" data-element_type=\"container\">\n\t\t\t\t<div class=\"elementor-element elementor-element-4e76da5 elementor-widget elementor-widget-image\" data-id=\"4e76da5\" data-element_type=\"widget\" data-widget_type=\"image.default\">\n\t\t\t\t<div class=\"elementor-widget-container\">\n\t\t\t\t\t\t\t\t\t\t\t\t\t\t\t<img fetchpriority=\"high\" decoding=\"async\" width=\"615\" height=\"1024\" src=\"https:\/\/jugend-dirigiert.de\/wp-content\/uploads\/2024\/10\/2801-13x18-1-615x1024.jpg\" class=\"attachment-large size-large wp-image-1625\" alt=\"\" srcset=\"https:\/\/jugend-dirigiert.de\/wp-content\/uploads\/2024\/10\/2801-13x18-1-615x1024.jpg 615w, https:\/\/jugend-dirigiert.de\/wp-content\/uploads\/2024\/10\/2801-13x18-1-180x300.jpg 180w, https:\/\/jugend-dirigiert.de\/wp-content\/uploads\/2024\/10\/2801-13x18-1-768x1280.jpg 768w, https:\/\/jugend-dirigiert.de\/wp-content\/uploads\/2024\/10\/2801-13x18-1-922x1536.jpg 922w, https:\/\/jugend-dirigiert.de\/wp-content\/uploads\/2024\/10\/2801-13x18-1.jpg 1229w\" sizes=\"(max-width: 615px) 100vw, 615px\" \/>\t\t\t\t\t\t\t\t\t\t\t\t\t\t\t<\/div>\n\t\t\t\t<\/div>\n\t\t\t\t<\/div>\n\t\t<div class=\"elementor-element elementor-element-3b4e0d8 e-con-full e-flex e-con e-child\" data-id=\"3b4e0d8\" data-element_type=\"container\">\n\t\t\t\t<div class=\"elementor-element elementor-element-371a9e8 elementor-widget elementor-widget-text-editor\" data-id=\"371a9e8\" data-element_type=\"widget\" data-widget_type=\"text-editor.default\">\n\t\t\t\t<div class=\"elementor-widget-container\">\n\t\t\t\t\t\t\t\t\t<p>CONDUCTOR<\/p>\t\t\t\t\t\t\t\t<\/div>\n\t\t\t\t<\/div>\n\t\t\t\t<div class=\"elementor-element elementor-element-58f426a elementor-widget elementor-widget-heading\" data-id=\"58f426a\" data-element_type=\"widget\" data-widget_type=\"heading.default\">\n\t\t\t\t<div class=\"elementor-widget-container\">\n\t\t\t\t\t<h3 class=\"elementor-heading-title elementor-size-default\">Thomas Hennig<\/h3>\t\t\t\t<\/div>\n\t\t\t\t<\/div>\n\t\t\t\t<div class=\"elementor-element elementor-element-49a7384 elementor-widget elementor-widget-text-editor\" data-id=\"49a7384\" data-element_type=\"widget\" data-widget_type=\"text-editor.default\">\n\t\t\t\t<div class=\"elementor-widget-container\">\n\t\t\t\t\t\t\t\t\t<p>Thomas Hennig studied at the Hanover University of Music, Drama, and Media, as well as musicology and philosophy in Osnabr\u00fcck. His education was further refined through masterclasses in conducting held in Vienna, Munich, and Biel.<\/p><p>He spent six years engaged at the Brandenburg Theater and has been the conductor of the Berlin Oratorio Choir for 15 years. International engagements have taken him to the State Opera Antalya, Brazil, Nigeria, the United States, and Ulaanbaatar, where he served as musical director for The Magic Flute at the Mongolian State Opera. In a gala concert, he introduced Mongolian audiences to the music of Richard Wagner for the first time with the prelude to Tristan und Isolde.<\/p><p>Since 2012, Thomas Hennig has been the principal conductor of the Neue Preu\u00dfische Philharmonie Berlin. He is also a regular guest conductor with the Brandenburg State Orchestra Frankfurt, the Brandenburg Symphony Orchestra, the Prussian Chamber Orchestra, and the Berlin Symphony Orchestra.<\/p><p>Thomas Hennig is also a prolific composer. His works include a piano concerto premiered in 2002 in Baltimore and a trumpet concerto written for Reinhold Friedrich. In 2019, he completed the unfinished works Nacht and Besinnung by Richard Strauss, which were performed in 2021 by Christian Thielemann at the Semperoper Dresden and the Vienna Musikverein.<\/p>\t\t\t\t\t\t\t\t<\/div>\n\t\t\t\t<\/div>\n\t\t\t\t<div class=\"elementor-element elementor-element-8d55480 elementor-icon-list--layout-traditional elementor-list-item-link-full_width elementor-widget elementor-widget-icon-list\" data-id=\"8d55480\" data-element_type=\"widget\" data-widget_type=\"icon-list.default\">\n\t\t\t\t<div class=\"elementor-widget-container\">\n\t\t\t\t\t\t\t<ul class=\"elementor-icon-list-items\">\n\t\t\t\t\t\t\t<li class=\"elementor-icon-list-item\">\n\t\t\t\t\t\t\t\t\t\t\t<a href=\"https:\/\/www.thomas-hennig.com\/\" target=\"_blank\">\n\n\t\t\t\t\t\t\t\t\t\t\t\t<span class=\"elementor-icon-list-icon\">\n\t\t\t\t\t\t\t<svg aria-hidden=\"true\" class=\"e-font-icon-svg e-fas-globe\" viewBox=\"0 0 496 512\" xmlns=\"http:\/\/www.w3.org\/2000\/svg\"><path d=\"M336.5 160C322 70.7 287.8 8 248 8s-74 62.7-88.5 152h177zM152 256c0 22.2 1.2 43.5 3.3 64h185.3c2.1-20.5 3.3-41.8 3.3-64s-1.2-43.5-3.3-64H155.3c-2.1 20.5-3.3 41.8-3.3 64zm324.7-96c-28.6-67.9-86.5-120.4-158-141.6 24.4 33.8 41.2 84.7 50 141.6h108zM177.2 18.4C105.8 39.6 47.8 92.1 19.3 160h108c8.7-56.9 25.5-107.8 49.9-141.6zM487.4 192H372.7c2.1 21 3.3 42.5 3.3 64s-1.2 43-3.3 64h114.6c5.5-20.5 8.6-41.8 8.6-64s-3.1-43.5-8.5-64zM120 256c0-21.5 1.2-43 3.3-64H8.6C3.2 212.5 0 233.8 0 256s3.2 43.5 8.6 64h114.6c-2-21-3.2-42.5-3.2-64zm39.5 96c14.5 89.3 48.7 152 88.5 152s74-62.7 88.5-152h-177zm159.3 141.6c71.4-21.2 129.4-73.7 158-141.6h-108c-8.8 56.9-25.6 107.8-50 141.6zM19.3 352c28.6 67.9 86.5 120.4 158 141.6-24.4-33.8-41.2-84.7-50-141.6h-108z\"><\/path><\/svg>\t\t\t\t\t\t<\/span>\n\t\t\t\t\t\t\t\t\t\t<span class=\"elementor-icon-list-text\">www.thomas-hennig.com<\/span>\n\t\t\t\t\t\t\t\t\t\t\t<\/a>\n\t\t\t\t\t\t\t\t\t<\/li>\n\t\t\t\t\t\t<\/ul>\n\t\t\t\t\t\t<\/div>\n\t\t\t\t<\/div>\n\t\t\t\t<\/div>\n\t\t\t\t<\/div>\n\t\t\t\t\t<\/div>\n\t\t\t\t<\/div>\n\t\t<div class=\"elementor-element elementor-element-722ab29 e-flex e-con-boxed e-con e-parent\" data-id=\"722ab29\" data-element_type=\"container\">\n\t\t\t\t\t<div class=\"e-con-inner\">\n\t\t<div class=\"elementor-element elementor-element-ecc3bb2 e-con-full e-flex e-con e-child\" data-id=\"ecc3bb2\" data-element_type=\"container\" data-settings=\"{&quot;background_background&quot;:&quot;classic&quot;}\">\n\t\t<div class=\"elementor-element elementor-element-f80adac e-con-full e-flex e-con e-child\" data-id=\"f80adac\" data-element_type=\"container\">\n\t\t\t\t<div class=\"elementor-element elementor-element-617f86e elementor-widget elementor-widget-image\" data-id=\"617f86e\" data-element_type=\"widget\" data-widget_type=\"image.default\">\n\t\t\t\t<div class=\"elementor-widget-container\">\n\t\t\t\t\t\t\t\t\t\t\t\t\t\t\t<img decoding=\"async\" width=\"512\" height=\"853\" src=\"https:\/\/jugend-dirigiert.de\/wp-content\/uploads\/2024\/11\/WhatsApp-Image-2024-10-29-at-08.41.07.jpeg\" class=\"attachment-large size-large wp-image-1690\" alt=\"\" srcset=\"https:\/\/jugend-dirigiert.de\/wp-content\/uploads\/2024\/11\/WhatsApp-Image-2024-10-29-at-08.41.07.jpeg 512w, https:\/\/jugend-dirigiert.de\/wp-content\/uploads\/2024\/11\/WhatsApp-Image-2024-10-29-at-08.41.07-180x300.jpeg 180w\" sizes=\"(max-width: 512px) 100vw, 512px\" \/>\t\t\t\t\t\t\t\t\t\t\t\t\t\t\t<\/div>\n\t\t\t\t<\/div>\n\t\t\t\t<\/div>\n\t\t<div class=\"elementor-element elementor-element-8d64302 e-con-full e-flex e-con e-child\" data-id=\"8d64302\" data-element_type=\"container\">\n\t\t\t\t<div class=\"elementor-element elementor-element-db95b06 elementor-widget elementor-widget-text-editor\" data-id=\"db95b06\" data-element_type=\"widget\" data-widget_type=\"text-editor.default\">\n\t\t\t\t<div class=\"elementor-widget-container\">\n\t\t\t\t\t\t\t\t\t<p>MANAGER OF THE CAPITAL SYMPHONY ORCHESTRA<\/p>\t\t\t\t\t\t\t\t<\/div>\n\t\t\t\t<\/div>\n\t\t\t\t<div class=\"elementor-element elementor-element-e214cf6 elementor-widget elementor-widget-heading\" data-id=\"e214cf6\" data-element_type=\"widget\" data-widget_type=\"heading.default\">\n\t\t\t\t<div class=\"elementor-widget-container\">\n\t\t\t\t\t<h3 class=\"elementor-heading-title elementor-size-default\">Asensio Argiler Grau<\/h3>\t\t\t\t<\/div>\n\t\t\t\t<\/div>\n\t\t\t\t<div class=\"elementor-element elementor-element-9d27514 elementor-widget elementor-widget-text-editor\" data-id=\"9d27514\" data-element_type=\"widget\" data-widget_type=\"text-editor.default\">\n\t\t\t\t<div class=\"elementor-widget-container\">\n\t\t\t\t\t\t\t\t\t<p>Born in Bigastro, a village near Alicante in southern Spain, music has always been an integral part of Asensio Argil\u00e9r Grau\u2019s life, leading him to pursue it as a career. In Berlin, he studied trombone under Prof. Christhard G\u00f6ssling (Berlin Philharmonic) at the Hanns Eisler School of Music. He later completed his master\u2019s degree with Prof. Thomas Leyendecker (Deutsche Oper) at the Mendelssohn Bartholdy University of Music and Theatre in Leipzig.<\/p><p>As a musician, he was a member of the Joven Orquesta Nacional de Espa\u00f1a and the Gustav Mahler Academy. He also regularly performs with renowned orchestras such as the Staatskapelle Berlin, Deutsche Oper, Belgian National Orchestra, Orquesta Sinf\u00f3nica de Madrid, Malta Philharmonic, Orquesta do Porto, and the Herbert von Karajan Academy. He has worked under renowned conductors, including Semyon Bychkov, Zubin Mehta, Pl\u00e1cido Domingo, Peter E\u00f6tv\u00f6s, and Pablo Heras-Casado.<\/p><p>As an educator, he has taught trombone, tuba, and euphonium at the Kreismusikschule Potsdam-Mittelmark and has organized courses for JUGEND DIRIGIERT.<\/p><p>Since 2024, Asensio is pursuing a master\u2019s degree in cultural management at Universitat Oberta de Catalunya. In this capacity, he has also assumed the educational leadership of JUGEND DIRIGIERT.<\/p>\t\t\t\t\t\t\t\t<\/div>\n\t\t\t\t<\/div>\n\t\t\t\t<div class=\"elementor-element elementor-element-2215c2d elementor-icon-list--layout-traditional elementor-list-item-link-full_width elementor-widget elementor-widget-icon-list\" data-id=\"2215c2d\" data-element_type=\"widget\" data-widget_type=\"icon-list.default\">\n\t\t\t\t<div class=\"elementor-widget-container\">\n\t\t\t\t\t\t\t<ul class=\"elementor-icon-list-items\">\n\t\t\t\t\t\t\t<li class=\"elementor-icon-list-item\">\n\t\t\t\t\t\t\t\t\t\t\t<a href=\"mailto:asensio@jugend-dirigiert.de\">\n\n\t\t\t\t\t\t\t\t\t\t\t\t<span class=\"elementor-icon-list-icon\">\n\t\t\t\t\t\t\t<i aria-hidden=\"true\" class=\"icon icon-envelope11\"><\/i>\t\t\t\t\t\t<\/span>\n\t\t\t\t\t\t\t\t\t\t<span class=\"elementor-icon-list-text\">asensio@jugend-dirigiert.de<\/span>\n\t\t\t\t\t\t\t\t\t\t\t<\/a>\n\t\t\t\t\t\t\t\t\t<\/li>\n\t\t\t\t\t\t<\/ul>\n\t\t\t\t\t\t<\/div>\n\t\t\t\t<\/div>\n\t\t\t\t<\/div>\n\t\t\t\t<\/div>\n\t\t\t\t\t<\/div>\n\t\t\t\t<\/div>\n\t\t\t\t<\/div>\n\t\t","protected":false},"excerpt":{"rendered":"<p>OUR TEAM EDUCATIONAL DIRECTOR (VOLUNTEER) Dr. Alexander Saier Dr. Alexander Saier was born in Freiburg im Breisgau. As the son of a school principal and a primary school teacher, Saier has been familiar with pedagogy from an early age. Perhaps for this very reason, he became intrigued by how leaders, particularly teachers, succeed in getting [&hellip;]<\/p>\n","protected":false},"author":1,"featured_media":0,"parent":0,"menu_order":0,"comment_status":"closed","ping_status":"closed","template":"","meta":{"_acf_changed":false,"give_campaign_id":0,"footnotes":""},"class_list":["post-1714","page","type-page","status-publish","hentry"],"acf":[],"campaignId":"","_links":{"self":[{"href":"https:\/\/jugend-dirigiert.de\/en\/wp-json\/wp\/v2\/pages\/1714","targetHints":{"allow":["GET"]}}],"collection":[{"href":"https:\/\/jugend-dirigiert.de\/en\/wp-json\/wp\/v2\/pages"}],"about":[{"href":"https:\/\/jugend-dirigiert.de\/en\/wp-json\/wp\/v2\/types\/page"}],"author":[{"embeddable":true,"href":"https:\/\/jugend-dirigiert.de\/en\/wp-json\/wp\/v2\/users\/1"}],"replies":[{"embeddable":true,"href":"https:\/\/jugend-dirigiert.de\/en\/wp-json\/wp\/v2\/comments?post=1714"}],"version-history":[{"count":13,"href":"https:\/\/jugend-dirigiert.de\/en\/wp-json\/wp\/v2\/pages\/1714\/revisions"}],"predecessor-version":[{"id":2060,"href":"https:\/\/jugend-dirigiert.de\/en\/wp-json\/wp\/v2\/pages\/1714\/revisions\/2060"}],"wp:attachment":[{"href":"https:\/\/jugend-dirigiert.de\/en\/wp-json\/wp\/v2\/media?parent=1714"}],"curies":[{"name":"wp","href":"https:\/\/api.w.org\/{rel}","templated":true}]}}